{"id":1435,"date":"2018-10-08T11:22:34","date_gmt":"2018-10-08T17:22:34","guid":{"rendered":"https:\/\/servidor-de-pruebas.com\/jasec\/?page_id=1435"},"modified":"2026-02-19T15:26:51","modified_gmt":"2026-02-19T15:26:51","slug":"suspensiones-programadas","status":"publish","type":"page","link":"https:\/\/www.jasec.go.cr\/index.php\/suspensiones-programadas\/","title":{"rendered":"Suspensiones programadas"},"content":{"rendered":"<div class=\"fusion-fullwidth fullwidth-box fusion-builder-row-1 nonhundred-percent-fullwidth non-hundred-percent-height-scrolling\" style=\"background-color: rgba(255,255,255,0);background-position: center center;background-repeat: no-repeat;padding-top:0px;padding-right:0px;padding-bottom:0px;padding-left:0px;margin-bottom: 0px;margin-top: 0px;border-width: 0px 0px 0px 0px;border-color:#e5e5e5;border-style:solid;\" ><div class=\"fusion-builder-row fusion-row\"><div class=\"fusion-layout-column fusion_builder_column fusion-builder-column-0 fusion_builder_column_1_2 1_2 fusion-one-half fusion-column-first\" style=\"width:50%;width:calc(50% - ( ( 0% ) * 0.5 ) );margin-right: 0%;margin-top:0px;margin-bottom:20px;\"><div class=\"fusion-column-wrapper fusion-flex-column-wrapper-legacy\" style=\"background-position:left top;background-repeat:no-repeat;-webkit-background-size:cover;-moz-background-size:cover;-o-background-size:cover;background-size:cover;padding: 0px 0px 0px 0px;\"><div class=\"fusion-text fusion-text-1\"><ul class=\"category list-striped list-condensed\">\n<li><a href=\"\/wp-content\/uploads\/2021\/04\/03.-11-de-marzo-del-2026.pdf\" target=\"_blank\" rel=\"noopener\">Suspensi\u00f3n Programada de Servicios El\u00e9ctricos &#8211; 11 de Marzo del 2026<\/a><\/li>\n<li><a href=\"\/wp-content\/uploads\/2021\/04\/03.-04-de-marzo-del-2026.pdf\" target=\"_blank\" rel=\"noopener\">Suspensi\u00f3n Programada de Servicios El\u00e9ctricos &#8211; 04 de Marzo del 2026<\/a><\/li>\n<li><a href=\"\/wp-content\/uploads\/2021\/04\/02.-26-de-febrero-de-2026.pdf\" target=\"_blank\" rel=\"noopener\">Suspensi\u00f3n Programada de Servicios El\u00e9ctricos &#8211; 26 de febrero del 2026<\/a><\/li>\n<li><a href=\"\/wp-content\/uploads\/2021\/04\/02.-25-de-febrero-del-2026.pdf\" target=\"_blank\" rel=\"noopener\">Suspensi\u00f3n Programada de Servicios El\u00e9ctricos &#8211; 25 de febrero del 2026<\/a><\/li>\n<li><a href=\"\/wp-content\/uploads\/2021\/04\/02.-24-de-febrero-del-2026-AC.pdf\" target=\"_blank\" rel=\"noopener\">Suspensi\u00f3n Programada de Servicios El\u00e9ctricos &#8211; 24 de febrero del 2026<\/a><\/li>\n<li><a href=\"\/wp-content\/uploads\/2021\/04\/02.-24-de-febrero-de-2026.pdf\" target=\"_blank\" rel=\"noopener\">Suspensi\u00f3n Programada de Servicios El\u00e9ctricos &#8211; 24 de febrero del 2026<\/a><\/li>\n<li><a href=\"\/wp-content\/uploads\/2021\/04\/02.-23-de-febrero-2026.pdf\" target=\"_blank\" rel=\"noopener\">Suspensi\u00f3n Programada de Servicios El\u00e9ctricos &#8211; 23 de febrero del 2026<\/a><\/li>\n<li><a href=\"\/wp-content\/uploads\/2021\/04\/02.-19-de-febrero-del-2026.pdf\" target=\"_blank\" rel=\"noopener\">Suspensi\u00f3n Programada de Servicios El\u00e9ctricos &#8211; 19 de febrero del 2026<\/a><\/li>\n<li><a href=\"\/wp-content\/uploads\/2021\/04\/02.-17-de-febrero-de-2026.pdf\" target=\"_blank\" rel=\"noopener\">Suspensi\u00f3n Programada de Servicios El\u00e9ctricos &#8211; 17 de febrero del 2026<\/a><\/li>\n<li><a href=\"\/wp-content\/uploads\/2021\/04\/02.-11-de-febrero-del-2026.pdf\" target=\"_blank\" rel=\"noopener\">Suspensi\u00f3n Programada de Servicios El\u00e9ctricos &#8211; 11 de febrero del 2026<\/a><\/li>\n<li><a href=\"\/wp-content\/uploads\/2021\/04\/02.-18-de-febrero-de-2026-PDR.pdf\" target=\"_blank\" rel=\"noopener\">Suspensi\u00f3n Programada de Servicios El\u00e9ctricos &#8211; 18 de febrero del 2026 &#8211; PDR<\/a><\/li>\n<li><a href=\"\/wp-content\/uploads\/2021\/04\/02.-12-de-febrero-del-2026-DMR.pdf\" target=\"_blank\" rel=\"noopener\">Suspensi\u00f3n Programada de Servicios El\u00e9ctricos &#8211; 12 de febrero del 2026 &#8211; DMR<\/a><\/li>\n<li><a href=\"\/wp-content\/uploads\/2021\/04\/02.-10-de-febrero-del-2026-DMR.pdf\" target=\"_blank\" rel=\"noopener\">Suspensi\u00f3n Programada de Servicios El\u00e9ctricos &#8211; 10 de febrero del 2026 &#8211; DMR<\/a><\/li>\n<li><a href=\"\/wp-content\/uploads\/2021\/04\/02.-05-de-febrero-de-2026-PDR.pdf\" target=\"_blank\" rel=\"noopener\">Suspensi\u00f3n Programada de Servicios El\u00e9ctricos &#8211; 05 de febrero del 2026 &#8211; PDR<\/a><\/li>\n<li><a href=\"\/wp-content\/uploads\/2021\/04\/02.-04-de-febrero-del-2026-PDR.pdf\" target=\"_blank\" rel=\"noopener\">Suspensi\u00f3n Programada de Servicios El\u00e9ctricos &#8211; 04 de febrero del 2026 &#8211; PDR<\/a><\/li>\n<li><a href=\"\/wp-content\/uploads\/2021\/04\/01.-28-de-enero-de-2026-1.pdf\" target=\"_blank\" rel=\"noopener\">Suspensi\u00f3n Programada de Servicios El\u00e9ctricos &#8211; 28 de Enero del 2026<\/a><\/li>\n<li><a href=\"\/wp-content\/uploads\/2021\/04\/02.-22-enero-de-2026-PDR-2.pdf\" target=\"_blank\" rel=\"noopener\">Suspensi\u00f3n Programada de Servicios El\u00e9ctricos &#8211; 22 de Enero del 2026 &#8211; PDR<\/a><\/li>\n<li><a href=\"\/wp-content\/uploads\/2021\/04\/01.-22-de-enero-del-2026-DMR.pdf\" target=\"_blank\" rel=\"noopener\">Suspensi\u00f3n Programada de Servicios El\u00e9ctricos &#8211; 22 de Enero del 2026 &#8211; DMR<\/a><\/li>\n<li><a href=\"\/wp-content\/uploads\/2021\/04\/02.-21-de-enero-del-2026-PDR.pdf\" target=\"_blank\" rel=\"noopener\">Suspensi\u00f3n Programada de Servicios El\u00e9ctricos &#8211; 21 de Enero del 2026<\/a><\/li>\n<li><a href=\"\/wp-content\/uploads\/2021\/04\/01.-20-de-enero-del-2026-DMR.pdf\" target=\"_blank\" rel=\"noopener\">Suspensi\u00f3n Programada de Servicios El\u00e9ctricos &#8211; 20 de Enero del 2026 &#8211; DMR<\/a><\/li>\n<li><a href=\"\/wp-content\/uploads\/2021\/04\/01.-20-de-enero-de-2026-PDR.pdf\" target=\"_blank\" rel=\"noopener\">Suspensi\u00f3n Programada de Servicios El\u00e9ctricos &#8211; 20 de Enero del 2026<\/a><\/li>\n<li><a href=\"\/wp-content\/uploads\/2021\/04\/01.-14-de-enero-de-2026-PDR.pdf\" target=\"_blank\" rel=\"noopener\">Suspensi\u00f3n Programada de Servicios El\u00e9ctricos &#8211; 14 de Enero del 2026<\/a><\/li>\n<li><a href=\"\/wp-content\/uploads\/2021\/04\/12.-16-de-diciembre-de-2025.pdf\" target=\"_blank\" rel=\"noopener\">Suspensi\u00f3n Programada de Servicios El\u00e9ctricos &#8211; 16 de Diciembre del 2025<\/a><\/li>\n<li><a href=\"\/wp-content\/uploads\/2021\/04\/12.-13-de-diciembre-del-2025.pdf\" target=\"_blank\" rel=\"noopener\">Suspensi\u00f3n Programada de Servicios El\u00e9ctricos &#8211; 13 de Diciembre del 2025<\/a><\/li>\n<li><a href=\"\/wp-content\/uploads\/2021\/04\/12.-11-de-diciembre-del-2025.pdf\" target=\"_blank\" rel=\"noopener\">Suspensi\u00f3n Programada de Servicios El\u00e9ctricos &#8211; 11 de Diciembre del 2025<\/a><\/li>\n<li><a href=\"\/wp-content\/uploads\/2021\/04\/12.-10-de-diciembre-del-2025.pdf\" target=\"_blank\" rel=\"noopener\">Suspensi\u00f3n Programada de Servicios El\u00e9ctricos &#8211; 10 de Diciembre del 2025<\/a><\/li>\n<li><a href=\"\/wp-content\/uploads\/2021\/04\/12.-09-de-diciembre-del-2025.pdf\" target=\"_blank\" rel=\"noopener\">Suspensi\u00f3n Programada de Servicios El\u00e9ctricos &#8211; 09 de Diciembre del 2025<\/a><\/li>\n<li><a href=\"\/wp-content\/uploads\/2021\/04\/Aviso-Web-Municipalidad-de-Tejar.pdf\" target=\"_blank\" rel=\"noopener\">Suspensi\u00f3n Programada de Servicios El\u00e9ctricos &#8211; 03 de Diciembre del 2025 (Aviso Web Municipalidad de Tejar)<\/a><\/li>\n<li><a href=\"\/wp-content\/uploads\/2021\/04\/Municipalidad-de-Tejar.pdf\" target=\"_blank\" rel=\"noopener\">Suspensi\u00f3n Programada de Servicios El\u00e9ctricos &#8211; 03 de Diciembre del 2025 (Municipalidad de Tejar)<\/a><\/li>\n<li><a href=\"\/wp-content\/uploads\/2021\/04\/12.-03-de-diciembre-del-2025.pdf\" target=\"_blank\" rel=\"noopener\">Suspensi\u00f3n Programada de Servicios El\u00e9ctricos &#8211; 03 de Diciembre del 2025<\/a><\/li>\n<li><a href=\"\/wp-content\/uploads\/2021\/04\/11.-30-de-noviembre-de-2025.pdf\" target=\"_blank\" rel=\"noopener\">Suspensi\u00f3n Programada de Servicios El\u00e9ctricos &#8211; 30 de Noviembre del 2025<\/a><\/li>\n<li><a href=\"\/wp-content\/uploads\/2021\/04\/11.-27-noviembre-del-2025.pdf\" target=\"_blank\" rel=\"noopener\">Suspensi\u00f3n Programada de Servicios El\u00e9ctricos &#8211; 27 de Noviembre del 2025<\/a><\/li>\n<li><a href=\"\/wp-content\/uploads\/2021\/04\/11.-26-de-noviembre-del-2025.pdf\" target=\"_blank\" rel=\"noopener\">Suspensi\u00f3n Programada de Servicios El\u00e9ctricos &#8211; 26 de Noviembre del 2025<\/a><\/li>\n<li><a href=\"\/wp-content\/uploads\/2021\/04\/11.-25-de-noviembre-del-2025.pdf\" target=\"_blank\" rel=\"noopener\">Suspensi\u00f3n Programada de Servicios El\u00e9ctricos &#8211; 25 de Noviembre del 2025<\/a><\/li>\n<li><a href=\"\/wp-content\/uploads\/2021\/04\/11.-22-de-noviembre-del-2025.pdf\" target=\"_blank\" rel=\"noopener\">Suspensi\u00f3n Programada de Servicios El\u00e9ctricos &#8211; 22 de Noviembre del 2025<\/a><\/li>\n<li><a href=\"\/wp-content\/uploads\/2021\/04\/11.-21-de-noviembre-2025.pdf\" target=\"_blank\" rel=\"noopener\">Suspensi\u00f3n Programada de Servicios El\u00e9ctricos &#8211; 21 de Noviembre del 2025<\/a><\/li>\n<li><a href=\"\/wp-content\/uploads\/2021\/04\/11.-20-de-noviembre-del-2025.pdf\" target=\"_blank\" rel=\"noopener\">Suspensi\u00f3n Programada de Servicios El\u00e9ctricos &#8211; 20 de Noviembre del 2025<\/a><\/li>\n<li><a href=\"\/wp-content\/uploads\/2021\/04\/11.-19-de-noviembre-del-2025.pdf\" target=\"_blank\" rel=\"noopener\">Suspensi\u00f3n Programada de Servicios El\u00e9ctricos &#8211; 19 de Noviembre del 2025<\/a><\/li>\n<li><a href=\"\/wp-content\/uploads\/2021\/04\/11.-18-de-noviembre-de-2025.pdf\" target=\"_blank\" rel=\"noopener\">Suspensi\u00f3n Programada de Servicios El\u00e9ctricos &#8211; 18 de Noviembre del 2025<\/a><\/li>\n<li><a href=\"\/wp-content\/uploads\/2021\/04\/11.-14-de-noviembre-de-2025.pdf\" target=\"_blank\" rel=\"noopener\">Suspensi\u00f3n Programada de Servicios El\u00e9ctricos &#8211; 14 de Noviembre del 2025<\/a><\/li>\n<li><a href=\"\/wp-content\/uploads\/2021\/04\/11.-13-noviembre-de-2025-Paraiso.pdf\" target=\"_blank\" rel=\"noopener\">Suspensi\u00f3n Programada de Servicios El\u00e9ctricos &#8211; 13 de Noviembre del 2025 (PARAISO)<\/a><\/li>\n<li><a href=\"\/wp-content\/uploads\/2021\/04\/11.-13-de-noviembre-2025.pdf\" target=\"_blank\" rel=\"noopener\">Suspensi\u00f3n Programada de Servicios El\u00e9ctricos &#8211; 13 de Noviembre del 2025<\/a><\/li>\n<li><a href=\"\/wp-content\/uploads\/2021\/04\/11.-12-de-noviembre-del-2025.pdf\" target=\"_blank\" rel=\"noopener\">Suspensi\u00f3n Programada de Servicios El\u00e9ctricos &#8211; 12 de Noviembre del 2025<\/a><\/li>\n<li><a href=\"\/wp-content\/uploads\/2021\/04\/11.-11-de-noviembre-del-2025.pdf\" target=\"_blank\" rel=\"noopener\">Suspensi\u00f3n Programada de Servicios El\u00e9ctricos &#8211; 11 de Noviembre del 2025<\/a><\/li>\n<li><a href=\"\/wp-content\/uploads\/2021\/04\/10.-31-de-octubre-del-2025.pdf\" target=\"_blank\" rel=\"noopener\">Suspensi\u00f3n Programada de Servicios El\u00e9ctricos &#8211; 31\u00a0de Octubre del 2025<\/a><\/li>\n<li><a href=\"\/wp-content\/uploads\/2021\/04\/10.-30-de-octubre-del-2025.pdf\" target=\"_blank\" rel=\"noopener\">Suspensi\u00f3n Programada de Servicios El\u00e9ctricos &#8211; 30<\/a><a href=\"\/wp-content\/uploads\/2021\/04\/10.-30-de-octubre-de-2025-TEJAR.pdf\" target=\"_blank\" rel=\"noopener\"> de Octubre del 2025 (TEJAR)<\/a><\/li>\n<li><a href=\"\/wp-content\/uploads\/2021\/04\/10.-30-de-octubre-del-2025.pdf\" target=\"_blank\" rel=\"noopener\">Suspensi\u00f3n Programada de Servicios El\u00e9ctricos &#8211; 30<\/a><a href=\"\/wp-content\/uploads\/2021\/04\/10.-30-de-octubre-del-2025.pdf\" target=\"_blank\" rel=\"noopener\">\u00a0de Octubre del 2025<\/a><\/li>\n<li><a href=\"\/wp-content\/uploads\/2021\/04\/10.-28-de-octubre-del-2025.pdf\" target=\"_blank\" rel=\"noopener\">Suspensi\u00f3n Programada de Servicios El\u00e9ctricos &#8211; 28<\/a><a href=\"\/wp-content\/uploads\/2021\/04\/10.-28-de-octubre-del-2025.pdf\" target=\"_blank\" rel=\"noopener\">\u00a0de Octubre del 2025<\/a><\/li>\n<li><a href=\"\/wp-content\/uploads\/2021\/04\/9.-25-de-setiembre-del-2025.pdf\" target=\"_blank\" rel=\"noopener\">Suspensi\u00f3n Programada de Servicios El\u00e9ctricos &#8211; 23<\/a><a href=\"\/wp-content\/uploads\/2021\/04\/10.17-23-de-octubre-del-2025.pdf\" target=\"_blank\" rel=\"noopener\">\u00a0de Octubre del 2025<\/a><\/li>\n<li><a href=\"\/wp-content\/uploads\/2021\/04\/9.-25-de-setiembre-del-2025.pdf\" target=\"_blank\" rel=\"noopener\">Suspensi\u00f3n Programada de Servicios El\u00e9ctricos &#8211; 22<\/a><a href=\"\/wp-content\/uploads\/2021\/04\/10.-22-de-octubre-del-2025.pdf\" target=\"_blank\" rel=\"noopener\">\u00a0de Octubre del 2025<\/a><\/li>\n<li><a href=\"\/wp-content\/uploads\/2021\/04\/9.-25-de-setiembre-del-2025.pdf\" target=\"_blank\" rel=\"noopener\">Suspensi\u00f3n Programada de Servicios El\u00e9ctricos &#8211; 16<\/a><a href=\"\/wp-content\/uploads\/2021\/04\/10.16-de-octubre-del-2025.pdf\" target=\"_blank\" rel=\"noopener\">\u00a0de Octubre del 2025<\/a><\/li>\n<li><a href=\"\/wp-content\/uploads\/2021\/04\/9.-25-de-setiembre-del-2025.pdf\" target=\"_blank\" rel=\"noopener\">Suspensi\u00f3n Programada de Servicios El\u00e9ctricos &#8211; 15<\/a><a href=\"\/wp-content\/uploads\/2021\/04\/10.15-de-octubre-del-2025.pdf\" target=\"_blank\" rel=\"noopener\">\u00a0de Octubre del 2025<\/a><\/li>\n<li><a href=\"\/wp-content\/uploads\/2021\/04\/9.-25-de-setiembre-del-2025.pdf\" target=\"_blank\" rel=\"noopener\">Suspensi\u00f3n Programada de Servicios El\u00e9ctricos &#8211; <\/a><a href=\"\/wp-content\/uploads\/2021\/04\/10.-08-de-octubre-de-2025.pdf\" target=\"_blank\" rel=\"noopener\">09 de Octubre del 2025<\/a><\/li>\n<li><a href=\"\/wp-content\/uploads\/2021\/04\/9.-25-de-setiembre-del-2025.pdf\" target=\"_blank\" rel=\"noopener\">Suspensi\u00f3n Programada de Servicios El\u00e9ctricos &#8211; <\/a><a href=\"\/wp-content\/uploads\/2021\/04\/10.-08-de-octubre-de-2025.pdf\" target=\"_blank\" rel=\"noopener\">08 de Octubre del 2025<\/a><\/li>\n<li><a href=\"\/wp-content\/uploads\/2021\/04\/9.-25-de-setiembre-del-2025.pdf\" target=\"_blank\" rel=\"noopener\">Suspensi\u00f3n Programada de Servicios El\u00e9ctricos &#8211; <\/a><a href=\"\/wp-content\/uploads\/2021\/04\/10.-07-de-octubre-del-2025.pdf\" target=\"_blank\" rel=\"noopener\">07 de Octubre del 2025<\/a><\/li>\n<li><a href=\"\/wp-content\/uploads\/2021\/04\/9.-25-de-setiembre-del-2025.pdf\" target=\"_blank\" rel=\"noopener\">Suspensi\u00f3n Programada de Servicios El\u00e9ctricos &#8211; <\/a><a href=\"\/wp-content\/uploads\/2021\/04\/10.-07-de-octubre-de-2025.pdf\" target=\"_blank\" rel=\"noopener\">07 de Octubre del 2025<\/a><\/li>\n<li><a href=\"\/wp-content\/uploads\/2021\/04\/9.-25-de-setiembre-del-2025.pdf\" target=\"_blank\" rel=\"noopener\">Suspensi\u00f3n Programada de Servicios El\u00e9ctricos &#8211; <\/a><a href=\"\/wp-content\/uploads\/2021\/04\/01-de-octubre-del-2025-2.pdf\" target=\"_blank\" rel=\"noopener\">01 de Octubre del 2025<\/a><\/li>\n<li><a href=\"\/wp-content\/uploads\/2021\/04\/01-de-octubre-del-2025.pdf\" target=\"_blank\" rel=\"noopener\">Suspensi\u00f3n Programada de Servicios El\u00e9ctricos &#8211; 01 de Octubre del 2025<\/a><\/li>\n<li><a href=\"\/wp-content\/uploads\/2021\/04\/9.-30-de-setiembre-del-2025.pdf\" target=\"_blank\" rel=\"noopener\">Suspensi\u00f3n Programada de Servicios El\u00e9ctricos &#8211; 30 de Septiembre del 2025<\/a><\/li>\n<li><a href=\"\/wp-content\/uploads\/2021\/04\/9.-25-de-setiembre-del-2025.pdf\" target=\"_blank\" rel=\"noopener\">Suspensi\u00f3n Programada de Servicios El\u00e9ctricos &#8211; 25 de Septiembre del 2025<\/a><\/li>\n<li><a href=\"\/wp-content\/uploads\/2021\/04\/9-24-de-setiembre-del-2025.pdf\" target=\"_blank\" rel=\"noopener\">Suspensi\u00f3n Programada de Servicios El\u00e9ctricos &#8211; 24 de Septiembre del 2025<\/a><\/li>\n<li><a href=\"\/wp-content\/uploads\/2021\/04\/9.-23-de-septiembre-del-2025-3.pdf\" target=\"_blank\" rel=\"noopener\">Suspensi\u00f3n Programada de Servicios El\u00e9ctricos &#8211; 23 de Septiembre del 2025<\/a><\/li>\n<li><a href=\"\/wp-content\/uploads\/2021\/04\/9.-23-de-septiembre-del-2025-2.pdf\" target=\"_blank\" rel=\"noopener\">Suspensi\u00f3n Programada de Servicios El\u00e9ctricos &#8211; 23 de Septiembre del 2025<\/a><\/li>\n<li><a href=\"\/wp-content\/uploads\/2021\/04\/9.-23-de-setiembre-del-2025.pdf\" target=\"_blank\" rel=\"noopener\">Suspensi\u00f3n Programada de Servicios El\u00e9ctricos &#8211; 23 de Septiembre del 2025<\/a><\/li>\n<li><a href=\"\/wp-content\/uploads\/2021\/04\/9.-18-de-setiembre-de-2025.pdf\" target=\"_blank\" rel=\"noopener\">Suspensi\u00f3n Programada de Servicios El\u00e9ctricos &#8211; 18 de Septiembre del 2025<\/a><\/li>\n<li><a href=\"\/wp-content\/uploads\/2021\/04\/9.-17-de-septiembre-de-2025.pdf\" target=\"_blank\" rel=\"noopener\">Suspensi\u00f3n Programada de Servicios El\u00e9ctricos &#8211; 17 de Septiembre del 2025<\/a><\/li>\n<li><a href=\"\/wp-content\/uploads\/2021\/04\/9.-16-de-setiembre-del-2025.pdf\" target=\"_blank\" rel=\"noopener\">Suspensi\u00f3n Programada de Servicios El\u00e9ctricos &#8211; 16 de Septiembre del 2025<\/a><\/li>\n<li><a href=\"\/wp-content\/uploads\/2021\/04\/9.-12-de-septiembre-de-2025.pdf\" target=\"_blank\" rel=\"noopener\">Suspensi\u00f3n Programada de Servicios El\u00e9ctricos &#8211; 12 de Septiembre del 2025<\/a><\/li>\n<li><a href=\"\/wp-content\/uploads\/2021\/04\/9.-12-de-septiembre-de-2025.pdf\" target=\"_blank\" rel=\"noopener\">Suspensi\u00f3n Programada de Servicios El\u00e9ctricos &#8211; 11 de Septiembre del 2025<\/a><\/li>\n<li><a href=\"\/wp-content\/uploads\/2021\/04\/9.-9-de-setiembre-del-2025.pdf\" target=\"_blank\" rel=\"noopener\">Suspensi\u00f3n Programada de Servicios El\u00e9ctricos &#8211; 09 de Septiembre del 2025<\/a><\/li>\n<li><a href=\"\/wp-content\/uploads\/2021\/04\/9.-Sabado-06-de-setiembre-del-2025.pdf\" target=\"_blank\" rel=\"noopener\">Suspensi\u00f3n Programada de Servicios El\u00e9ctricos &#8211; 06 de Septiembre del 2025<\/a><\/li>\n<li><a href=\"\/wp-content\/uploads\/2021\/04\/8.-Martes-26-de-agosto-del-2025.pdf\" target=\"_blank\" rel=\"noopener\">Suspensi\u00f3n Programada de Servicios El\u00e9ctricos &#8211; 26 de Agosto del 2025<\/a><\/li>\n<li><a href=\"\/wp-content\/uploads\/2021\/04\/8.-Jueves-21-de-agosto-del-2025.pdf\" target=\"_blank\" rel=\"noopener\">Suspensi\u00f3n Programada de Servicios El\u00e9ctricos &#8211; 21 de Agosto del 2025<\/a><\/li>\n<li><a href=\"\/wp-content\/uploads\/2021\/04\/8.-Martes-19-de-agosto-de-2025.pdf\" target=\"_blank\" rel=\"noopener\">Suspensi\u00f3n Programada de Servicios El\u00e9ctricos &#8211; 19 de Agosto del 2025<\/a><\/li>\n<li><a href=\"\/wp-content\/uploads\/2021\/04\/8.-Martes-12-de-agosto-del-2025-Quircot.pdf\" target=\"_blank\" rel=\"noopener\">Suspensi\u00f3n Programada de Servicios El\u00e9ctricos &#8211; 12 de Agosto del 2025<\/a><\/li>\n<li><a href=\"\/wp-content\/uploads\/2021\/04\/8.-Martes-12-de-agosto-de-2025.pdf\" target=\"_blank\" rel=\"noopener\">Suspensi\u00f3n Programada de Servicios El\u00e9ctricos &#8211; 12 de Agosto del 2025<\/a><\/li>\n<li><a href=\"\/wp-content\/uploads\/2021\/04\/8.-07-de-agosto-2025-1.pdf\" target=\"_blank\" rel=\"noopener\">Suspensi\u00f3n Programada de Servicios El\u00e9ctricos &#8211; 07 de Agosto del 2025<\/a><\/li>\n<li><a href=\"\/wp-content\/uploads\/2021\/04\/8.-07-de-agosto-2025.pdf\" target=\"_blank\" rel=\"noopener\">Suspensi\u00f3n Programada de Servicios El\u00e9ctricos &#8211; 07 de Agosto del 2025<\/a><\/li>\n<li><a href=\"\/wp-content\/uploads\/2021\/04\/8.-05-de-agosto-de-2025.pdf\" target=\"_blank\" rel=\"noopener\">Suspensi\u00f3n Programada de Servicios El\u00e9ctricos &#8211; 05 de Agosto del 2025<\/a><\/li>\n<li><a href=\"\/wp-content\/uploads\/2021\/04\/08.-04-de-agosto-de-2025.pdf\" target=\"_blank\" rel=\"noopener\">Suspensi\u00f3n Programada de Servicios El\u00e9ctricos &#8211; 04 de Agosto del 2025<\/a><\/li>\n<li><a href=\"\/wp-content\/uploads\/2021\/04\/7.-30-de-julio-del-2025.pdf\" target=\"_blank\" rel=\"noopener\">Suspensi\u00f3n Programada de Servicios El\u00e9ctricos &#8211; 30 de Julio del 2025<\/a><\/li>\n<li><a href=\"\/wp-content\/uploads\/2021\/04\/7.-19-de-julio-del-2025.pdf\" target=\"_blank\" rel=\"noopener\">Suspensi\u00f3n Programada de Servicios El\u00e9ctricos &#8211; 19 de Julio del 2025<\/a><\/li>\n<li><a href=\"\/wp-content\/uploads\/2021\/04\/7.-17-de-julio-del-2025.pdf\" target=\"_blank\" rel=\"noopener\">Suspensi\u00f3n Programada de Servicios El\u00e9ctricos &#8211; 17 de Julio del 2025<\/a><\/li>\n<li><a href=\"\/wp-content\/uploads\/2021\/04\/07.-15-de-julio-del-2025.pdf\" target=\"_blank\" rel=\"noopener\">Suspensi\u00f3n Programada de Servicios El\u00e9ctricos &#8211; 15 de Julio del 2025<\/a><\/li>\n<li><a href=\"\/wp-content\/uploads\/2021\/04\/07.-10-de-julio-del-2025.pdf\" target=\"_blank\" rel=\"noopener\">Suspensi\u00f3n Programada de Servicios El\u00e9ctricos &#8211; 10 de Julio del 2025<\/a><\/li>\n<li><a href=\"\/wp-content\/uploads\/2021\/04\/70.-09-de-julio-del-2025.pdf\" target=\"_blank\" rel=\"noopener\">Suspensi\u00f3n Programada de Servicios El\u00e9ctricos &#8211; 09 de Julio del 2025<\/a><\/li>\n<li><a href=\"\/wp-content\/uploads\/2021\/04\/7.-03-de-julio-del-2025.pdf\" target=\"_blank\" rel=\"noopener\">Suspensi\u00f3n Programada de Servicios El\u00e9ctricos &#8211; 03 de Julio del 2025<\/a><\/li>\n<li><a href=\"\/wp-content\/uploads\/2021\/04\/6.-27-de-junio-de-2025.pdf\" target=\"_blank\" rel=\"noopener\">Suspensi\u00f3n Programada de Servicios El\u00e9ctricos &#8211; 27 de Junio del 2025<\/a><\/li>\n<li><a href=\"\/wp-content\/uploads\/2021\/04\/6.-26-de-junio-del-2025-Los-Angeles.pdf\" target=\"_blank\" rel=\"noopener\">Suspensi\u00f3n Programada de Servicios El\u00e9ctricos &#8211; 26 de Junio del 2025<\/a><\/li>\n<li><a href=\"\/wp-content\/uploads\/2021\/04\/6.-26-de-junio-de-2025.pdf\" target=\"_blank\" rel=\"noopener\">Suspensi\u00f3n Programada de Servicios El\u00e9ctricos &#8211; 26 de Junio del 2025<\/a><\/li>\n<li><a href=\"\/wp-content\/uploads\/2021\/04\/6.-25-de-junio-del-2025.pdf\" target=\"_blank\" rel=\"noopener\">Suspensi\u00f3n Programada de Servicios El\u00e9ctricos &#8211; 25 de Junio del 2025<\/a><\/li>\n<li><a href=\"\/wp-content\/uploads\/2021\/04\/6.-24-de-junio-del-2025.pdf\" target=\"_blank\" rel=\"noopener\">Suspensi\u00f3n Programada de Servicios El\u00e9ctricos &#8211; 24 de Junio del 2025<\/a><\/li>\n<li><a href=\"\/wp-content\/uploads\/2021\/04\/6.-20-de-junio-2025.pdf\" target=\"_blank\" rel=\"noopener\">Suspensi\u00f3n Programada de Servicios El\u00e9ctricos &#8211; 20 de Junio del 2025<\/a><\/li>\n<li><a href=\"\/wp-content\/uploads\/2021\/04\/6.-19-de-junio-del-2025-2.pdf\" target=\"_blank\" rel=\"noopener\">Suspensi\u00f3n Programada de Servicios El\u00e9ctricos &#8211; 19 de Junio del 2025<\/a><\/li>\n<li><a href=\"\/wp-content\/uploads\/2021\/04\/6.-19-de-junio-del-2025.pdf\" target=\"_blank\" rel=\"noopener\">Suspensi\u00f3n Programada de Servicios El\u00e9ctricos &#8211; 19 de Junio del 2025<\/a><\/li>\n<li><a href=\"\/wp-content\/uploads\/2021\/04\/18_de_junio_del_2025.pdf\" target=\"_blank\" rel=\"noopener\">Suspensi\u00f3n Programada de Servicios El\u00e9ctricos &#8211; 18 de Junio del 2025<\/a><\/li>\n<li><a href=\"\/wp-content\/uploads\/2021\/04\/5.-13-de-junio-de-2025.pdf\" target=\"_blank\" rel=\"noopener\">Suspensi\u00f3n Programada de Servicios El\u00e9ctricos &#8211; 13 de Junio del 2025<\/a><\/li>\n<li><a href=\"\/wp-content\/uploads\/2021\/04\/11_de_junio_del_2025.pdf\" target=\"_blank\" rel=\"noopener\">Suspensi\u00f3n Programada de Servicios El\u00e9ctricos &#8211; 11 de Junio del 2025<\/a><\/li>\n<li><a href=\"\/wp-content\/uploads\/2021\/04\/6.-10-de-junio-del-2024.pdf\" target=\"_blank\" rel=\"noopener\">Suspensi\u00f3n Programada de Servicios El\u00e9ctricos &#8211; 10 de Junio del 2025<\/a><\/li>\n<li><a href=\"\/wp-content\/uploads\/2021\/04\/06-Martes-10-de-junio-de-2025.pdf\" target=\"_blank\" rel=\"noopener\">Suspensi\u00f3n Programada de Servicios El\u00e9ctricos &#8211; 10 de Junio del 2025<\/a><\/li>\n<li><a href=\"\/wp-content\/uploads\/2021\/04\/29_de_mayo_del_2025.pdf\" target=\"_blank\" rel=\"noopener\">Suspensi\u00f3n Programada de Servicios El\u00e9ctricos &#8211; 29 de Mayo del 2025<\/a><\/li>\n<li><a href=\"\/wp-content\/uploads\/2021\/04\/28_de_mayo_del_2025.pdf\" target=\"_blank\" rel=\"noopener\">Suspensi\u00f3n Programada de Servicios El\u00e9ctricos &#8211; 28 de Mayo del 2025<\/a><\/li>\n<li><a href=\"\/wp-content\/uploads\/2021\/04\/27_de_mayo_del_2025.pdf\" target=\"_blank\" rel=\"noopener\">Suspensi\u00f3n Programada de Servicios El\u00e9ctricos &#8211; 27 de Mayo del 2025<\/a><\/li>\n<li><a href=\"\/wp-content\/uploads\/2021\/04\/5.-27-de-mayo-del-2025.pdf\" target=\"_blank\" rel=\"noopener\">Suspensi\u00f3n Programada de Servicios El\u00e9ctricos &#8211; 27 de Mayo del 2025<\/a><\/li>\n<li><a href=\"\/wp-content\/uploads\/2021\/04\/4.-Sabado-26-de-abril-del-2025.pdf\" target=\"_blank\" rel=\"noopener\">Suspensi\u00f3n Programada de Servicios El\u00e9ctricos &#8211; 26 de Abril del 2025<\/a><\/li>\n<li><a href=\"\/wp-content\/uploads\/2021\/04\/4.-24-de-abril-del-2025-2.pdf\" target=\"_blank\" rel=\"noopener\">Suspensi\u00f3n Programada de Servicios El\u00e9ctricos &#8211; 24 de Abril del 2025<\/a><\/li>\n<li><a href=\"\/wp-content\/uploads\/2021\/04\/4.-24-de-abril-del-2025.pdf\" target=\"_blank\" rel=\"noopener\">Suspensi\u00f3n Programada de Servicios El\u00e9ctricos &#8211; 24 de Abril del 2025<\/a><\/li>\n<li><a href=\"\/wp-content\/uploads\/2021\/04\/4.-22-de-abril-del-2025.pdf\" target=\"_blank\" rel=\"noopener\">Suspensi\u00f3n Programada de Servicios El\u00e9ctricos &#8211; 22 de Abril del 2025<\/a><\/li>\n<li><a href=\"\/wp-content\/uploads\/2021\/04\/Jueves-10-de-abril-del-2025.pdf\" target=\"_blank\" rel=\"noopener\">Suspensi\u00f3n Programada de Servicios El\u00e9ctricos &#8211; 10 de Abril del 2025<\/a><\/li>\n<li><a href=\"\/wp-content\/uploads\/2021\/04\/4.-10-de-abril-del-2025.pdf\" target=\"_blank\" rel=\"noopener\">Suspensi\u00f3n Programada de Servicios El\u00e9ctricos &#8211; 10 de Abril del 2025<\/a><\/li>\n<li><a href=\"\/wp-content\/uploads\/2021\/04\/Miercoles-09-de-abril-del-2025.pdf\" target=\"_blank\" rel=\"noopener\">Suspensi\u00f3n Programada de Servicios El\u00e9ctricos &#8211; 09 de Abril del 2025<\/a><\/li>\n<li><a href=\"\/wp-content\/uploads\/2021\/04\/Martes-08-de-abril-del-2025.pdf\" target=\"_blank\" rel=\"noopener\">Suspensi\u00f3n Programada de Servicios El\u00e9ctricos &#8211; 08 de Abril del 2025<\/a><\/li>\n<li><a href=\"\/wp-content\/uploads\/2021\/04\/08-abril-de-2025.pdf\" target=\"_blank\" rel=\"noopener\">Suspensi\u00f3n Programada de Servicios El\u00e9ctricos &#8211; 08 de Abril del 2025<\/a><\/li>\n<li><a href=\"\/wp-content\/uploads\/2021\/04\/4.-Sabado-05-de-abril-del-2025.pdf\" target=\"_blank\" rel=\"noopener\">Suspensi\u00f3n Programada de Servicios El\u00e9ctricos &#8211; 05 de Abril del 2025<\/a><\/li>\n<li><a href=\"\/wp-content\/uploads\/2021\/04\/4.-Jueves-03-de-abril-del-2025.pdf\" target=\"_blank\" rel=\"noopener\">Suspensi\u00f3n Programada de Servicios El\u00e9ctricos &#8211; 03 de Abril del 2025<\/a><\/li>\n<li><a href=\"\/wp-content\/uploads\/2021\/04\/01-de-abril-2025.pdf\" target=\"_blank\" rel=\"noopener\">Suspensi\u00f3n Programada de Servicios El\u00e9ctricos &#8211; 01 de Abril del 2025<\/a><\/li>\n<li><a href=\"\/wp-content\/uploads\/2021\/04\/Viernes-28-de-marzo-de-2025.pdf\" target=\"_blank\" rel=\"noopener\">Suspensi\u00f3n Programada de Servicios El\u00e9ctricos &#8211; 28 de Marzo del 2025<\/a><\/li>\n<li><a href=\"\/wp-content\/uploads\/2021\/04\/3.-Jueves-27-de-marzo-del-2025.pdf\" target=\"_blank\" rel=\"noopener\">Suspensi\u00f3n Programada de Servicios El\u00e9ctricos &#8211; 27 de Marzo del 2025<\/a><\/li>\n<li><a href=\"\/wp-content\/uploads\/2021\/04\/3.-Martes-25-de-marzo-del-2025.pdf\" target=\"_blank\" rel=\"noopener\">Suspensi\u00f3n Programada de Servicios El\u00e9ctricos &#8211; 25 de Marzo del 2025<\/a><\/li>\n<li><a href=\"\/wp-content\/uploads\/2021\/04\/Solicitud-Paro-Programado-Menor.pdf\" target=\"_blank\" rel=\"noopener\">Suspensi\u00f3n Programada de Servicios El\u00e9ctricos &#8211; 20 de Marzo del 2025<\/a><\/li>\n<li><a href=\"\/wp-content\/uploads\/2021\/04\/3.-Jueves-20-de-marzo-del-2025.pdf\" target=\"_blank\" rel=\"noopener\">Suspensi\u00f3n Programada de Servicios El\u00e9ctricos &#8211; 20 de Marzo del 2025<\/a><\/li>\n<li><a href=\"\/wp-content\/uploads\/2021\/04\/Suspension-Programada-de-Servicios-Electricos_18-de-Marzo-del-2025.pdf\" target=\"_blank\" rel=\"noopener\">Suspensi\u00f3n Programada de Servicios El\u00e9ctricos &#8211; 18 de Marzo del 2025<\/a><\/li>\n<li><a href=\"\/wp-content\/uploads\/2021\/04\/Viernes-14-de-marzo-de-2025.pdf\" target=\"_blank\" rel=\"noopener\">Suspensi\u00f3n Programada de Servicios El\u00e9ctricos &#8211; 14 de Marzo del 2025<\/a><\/li>\n<li><a href=\"\/wp-content\/uploads\/2021\/04\/3-Jueves-13-de-marzo-del-2025-capellades.pdf\" target=\"_blank\" rel=\"noopener\">Suspensi\u00f3n Programada de Servicios El\u00e9ctricos &#8211; 13 de Marzo del 2025<\/a><\/li>\n<li><a href=\"\/wp-content\/uploads\/2021\/04\/Jueves-13-de-marzo-del-2025.pdf\" target=\"_blank\" rel=\"noopener\">Suspensi\u00f3n Programada de Servicios El\u00e9ctricos &#8211; 13 de Marzo del 2025<\/a><\/li>\n<li><a href=\"\/wp-content\/uploads\/2021\/04\/Jueves-06-de-marzo-de-2025.pdf\" target=\"_blank\" rel=\"noopener\">Suspensi\u00f3n Programada de Servicios El\u00e9ctricos &#8211; 06 de Marzo del 2025<\/a><\/li>\n<li><a href=\"\/wp-content\/uploads\/2021\/04\/06-de-marzo-del-2025.pdf\" target=\"_blank\" rel=\"noopener\">Suspensi\u00f3n Programada de Servicios El\u00e9ctricos &#8211; 06 de Marzo del 2025<\/a><\/li>\n<li><a href=\"\/wp-content\/uploads\/2021\/04\/04-de-marzo-del-2025.pdf\" target=\"_blank\" rel=\"noopener\">Suspensi\u00f3n Programada de Servicios El\u00e9ctricos &#8211; 04 de Marzo del 2025<\/a><\/li>\n<li><a href=\"\/wp-content\/uploads\/2021\/04\/Web-para-susp_27-febrero-2025.pdf\" target=\"_blank\" rel=\"noopener\">Suspensi\u00f3n Programada de Servicios El\u00e9ctricos &#8211; 27 de Febrero del 2025<\/a><\/li>\n<li><a href=\"\/wp-content\/uploads\/2021\/04\/Aviso-Web-Los-Sauces_27-febrero-2025.pdf\" target=\"_blank\" rel=\"noopener\">Suspensi\u00f3n Programada de Servicios El\u00e9ctricos &#8211; 27 de Febrero del 2025<\/a><\/li>\n<li><a href=\"\/wp-content\/uploads\/2021\/04\/Aviso-Web-Houston_25-febrero-2025.pdf\" target=\"_blank\" rel=\"noopener\">Suspensi\u00f3n Programada de Servicios El\u00e9ctricos &#8211; 25 de Febrero del 2025<\/a><\/li>\n<li><a href=\"\/wp-content\/uploads\/2021\/04\/Aviso-Web-Reno-City.pdf\" target=\"_blank\" rel=\"noopener\">Suspensi\u00f3n Programada de Servicios El\u00e9ctricos &#8211; 20 de Febrero del 2025<\/a><\/li>\n<li><a href=\"\/wp-content\/uploads\/2021\/04\/Aviso-Web-Paro.pdf\" target=\"_blank\" rel=\"noopener\">Suspensi\u00f3n Programada de Servicios El\u00e9ctricos &#8211; 20 de Febrero del 2025<\/a><\/li>\n<li><a href=\"\/wp-content\/uploads\/2021\/04\/Aviso-Web-Paro-Menor-Programado-Sector-Calle-Colina.pdf\" target=\"_blank\" rel=\"noopener\">Suspensi\u00f3n Programada de Servicios El\u00e9ctricos &#8211; 19 de Febrero del 2025<\/a><\/li>\n<li><a href=\"\/wp-content\/uploads\/2021\/04\/Aviso-Web-Coope-Rosales-CECUDI.pdf\" target=\"_blank\" rel=\"noopener\">Suspensi\u00f3n Programada de Servicios El\u00e9ctricos &#8211; 18 de Febrero del 2025<\/a><\/li>\n<li><a href=\"\/wp-content\/uploads\/2021\/04\/Aviso-Web-Coope-Rosales-Escuela-75-noroeste.pdf\" target=\"_blank\" rel=\"noopener\">Suspensi\u00f3n Programada de Servicios El\u00e9ctricos &#8211; 18 de Febrero del 2025<\/a><\/li>\n<li><a href=\"\/wp-content\/uploads\/2021\/04\/OPER-DIST-PDR-0100-2025-Mejora-Calle-Caracol-2024-1262.pdf\" target=\"_blank\" rel=\"noopener\">Suspensi\u00f3n Programada de Servicios El\u00e9ctricos &#8211; 18 de Febrero del 2025<\/a><\/li>\n<li><a href=\"https:\/wp-content\/uploads\/2021\/04\/Aviso-Web-Tecno-2000.pdf\" target=\"_blank\" rel=\"noopener\">Suspensi\u00f3n Programada de Servicios El\u00e9ctricos &#8211; 13 de Febrero del 2025<\/a><\/li>\n<li><a href=\"\/wp-content\/uploads\/2021\/04\/11-de-febrero-2025.pdf\" target=\"_blank\" rel=\"noopener\">Suspensi\u00f3n Programada de Servicios El\u00e9ctricos &#8211; 11 de Febrero del 2025<\/a><\/li>\n<li><a href=\"\/wp-content\/uploads\/2021\/04\/Aviso-Web-vuelta-del-tapon-Tierra-Blanca.pdf\" target=\"_blank\" rel=\"noopener\">Suspensi\u00f3n Programada de Servicios El\u00e9ctricos &#8211; 30 de Enero del 2025<\/a><\/li>\n<li><a href=\"\/wp-content\/uploads\/2021\/04\/Aviso-Web-Corte.pdf\" target=\"_blank\" rel=\"noopener\">Suspensi\u00f3n Programada de Servicios El\u00e9ctricos &#8211; 29 de Enero del 2025<\/a><\/li>\n<li><a href=\"\/wp-content\/uploads\/2021\/04\/Aviso-Web-de-Prusia.pdf\" target=\"_blank\" rel=\"noopener\">Suspensi\u00f3n Programada de Servicios El\u00e9ctricos &#8211; 28 de Enero del 2025<\/a><\/li>\n<li><a href=\"https:\/\/www.jasec.go.cr\/wp-content\/uploads\/2021\/04\/Jueves-23-de-enero-del-2025.pdf\" target=\"_blank\" rel=\"noopener\">Suspensi\u00f3n Programada de Servicios El\u00e9ctricos &#8211; 23 de Enero del 2025<\/a><\/li>\n<li><a href=\"https:\/\/www.jasec.go.cr\/wp-content\/uploads\/2021\/04\/Martes-21-de-enero-del-2025.pdf\" target=\"_blank\" rel=\"noopener\">Suspensi\u00f3n Programada de Servicios El\u00e9ctricos &#8211; 21 de Enero del 2025<\/a><\/li>\n<li><a href=\"https:\/\/www.jasec.go.cr\/wp-content\/uploads\/2021\/04\/Jueves-16-enero-2025.pdf\" target=\"_blank\" rel=\"noopener\">Suspensi\u00f3n Programada de Servicios El\u00e9ctricos &#8211; 16 de Enero del 2025<\/a><\/li>\n<li><a href=\"https:\/\/www.jasec.go.cr\/wp-content\/uploads\/2021\/04\/miercoles-15-de-enero-de-2025.pdf\" target=\"_blank\" rel=\"noopener\">Suspensi\u00f3n Programada de Servicios El\u00e9ctricos &#8211; 15 de Enero del 2025<\/a><\/li>\n<li><a href=\"https:\/\/www.jasec.go.cr\/wp-content\/uploads\/2021\/04\/9-DE-ENERO-2025.pdf\" target=\"_blank\" rel=\"noopener\">Suspensi\u00f3n Programada de Servicios El\u00e9ctricos &#8211; 09 de Enero del 2025<\/a><\/li>\n<li><a href=\"https:\/\/www.jasec.go.cr\/wp-content\/uploads\/2021\/04\/Jueves-19-de-diciembre-del-2024.pdf\" target=\"_blank\" rel=\"noopener\">Suspensi\u00f3n Programada de Servicios El\u00e9ctricos &#8211; 19 de Diciembre del 2024<\/a><\/li>\n<li><a href=\"https:\/\/www.jasec.go.cr\/wp-content\/uploads\/2021\/04\/Miercoles-18-de-diciembre-del-2024.pdf\" target=\"_blank\" rel=\"noopener\">Suspensi\u00f3n Programada de Servicios El\u00e9ctricos &#8211; 18 de Diciembre del 2024<\/a><\/li>\n<li><a href=\"https:\/\/www.jasec.go.cr\/wp-content\/uploads\/2021\/04\/Viernes-13-de-diciembre-del-2024.pdf\" target=\"_blank\" rel=\"noopener\">Suspensi\u00f3n Programada de Servicios El\u00e9ctricos &#8211; 13 de Diciembre del 2024<\/a><\/li>\n<li><a href=\"https:\/\/www.jasec.go.cr\/wp-content\/uploads\/2021\/04\/Jueves-12-de-diciembre-del-2024.pdf\" target=\"_blank\" rel=\"noopener\">Suspensi\u00f3n Programada de Servicios El\u00e9ctricos &#8211; 12 de Diciembre del 2024<\/a><\/li>\n<li><a href=\"https:\/\/www.jasec.go.cr\/wp-content\/uploads\/2021\/04\/Miercoles-11-de-diciembre-del-2024.pdf\" target=\"_blank\" rel=\"noopener\">Suspensi\u00f3n Programada de Servicios El\u00e9ctricos &#8211; 11 de Diciembre del 2024<\/a><\/li>\n<li><a href=\"https:\/\/www.jasec.go.cr\/wp-content\/uploads\/2021\/04\/Martes-10-de-diciembre-del-2024.pdf\" target=\"_blank\" rel=\"noopener\">Suspensi\u00f3n Programada de Servicios El\u00e9ctricos &#8211; 10 de Diciembre del 2024<\/a><\/li>\n<li><a href=\"https:\/\/www.jasec.go.cr\/wp-content\/uploads\/2021\/04\/05-de-diciembre-del-2024.pdf\" target=\"_blank\" rel=\"noopener\">Suspensi\u00f3n Programada de Servicios El\u00e9ctricos &#8211; 05 de Diciembre del 2024<\/a><\/li>\n<li><a href=\"https:\/\/www.jasec.go.cr\/wp-content\/uploads\/2021\/04\/04-de-diciembre-del-2024.pdf\" target=\"_blank\" rel=\"noopener\">Suspensi\u00f3n Programada de Servicios El\u00e9ctricos &#8211; 04 de Diciembre del 2024<\/a><\/li>\n<li><a href=\"https:\/\/www.jasec.go.cr\/wp-content\/uploads\/2021\/04\/03-de-diciembre-2024.pdf\" target=\"_blank\" rel=\"noopener\">Suspensi\u00f3n Programada de Servicios El\u00e9ctricos &#8211; 03 de Diciembre del 2024<\/a><\/li>\n<li><a href=\"https:\/\/www.jasec.go.cr\/wp-content\/uploads\/2021\/04\/Jueves-28-de-noviembre-del-2024.pdf\" target=\"_blank\" rel=\"noopener\">Suspensi\u00f3n Programada de Servicios El\u00e9ctricos &#8211; 28 de Noviembre del 2024<\/a><\/li>\n<li><a href=\"https:\/\/www.jasec.go.cr\/wp-content\/uploads\/2021\/04\/Miercoles-27-de-noviembre-del-2024.pdf\" target=\"_blank\" rel=\"noopener\">Suspensi\u00f3n Programada de Servicios El\u00e9ctricos &#8211; 27 de Noviembre del 2024<\/a><\/li>\n<li><a href=\"https:\/\/www.jasec.go.cr\/wp-content\/uploads\/2021\/04\/11-Suspension-programada-del-servicio-electrico-19-de-noviembre-de-2024.pdf\" target=\"_blank\" rel=\"noopener\">Suspensi\u00f3n Programada de Servicios El\u00e9ctricos &#8211; 19 de Noviembre del 2024<\/a><\/li>\n<li><a href=\"https:\/\/www.jasec.go.cr\/wp-content\/uploads\/2021\/04\/11-Suspension-programada-del-servicio-electrico-14-de-noviembre-2024.pdf\" target=\"_blank\" rel=\"noopener\">Suspensi\u00f3n Programada de Servicios El\u00e9ctricos &#8211; 14 de Noviembre del 2024<\/a><\/li>\n<li><a href=\"https:\/\/www.jasec.go.cr\/wp-content\/uploads\/2021\/04\/11-Suspension-programada-del-servicio-electrico_13-de-Noviembre-2024.pdf\" target=\"_blank\" rel=\"noopener\">Suspensi\u00f3n Programada de Servicios El\u00e9ctricos &#8211; 13 de Noviembre del 2024<\/a><\/li>\n<li><a href=\"https:\/\/www.jasec.go.cr\/wp-content\/uploads\/2021\/04\/Solicitud-Final-Paro-Programado.pdf\" target=\"_blank\" rel=\"noopener\">Solicitud Final Paro Programado &#8211; 12 de Noviembre del 2024<\/a><\/li>\n<li><a href=\"https:\/\/www.jasec.go.cr\/wp-content\/uploads\/2021\/04\/Boleta_aviso_web_ParoProgramado_23octubre_Est2024-0920.pdf\" target=\"_blank\" rel=\"noopener\">Suspensi\u00f3n Programada de Servicios El\u00e9ctricos &#8211; 23 de Octubre del 2024<\/a><\/li>\n<li><a href=\"https:\/\/www.jasec.go.cr\/wp-content\/uploads\/2021\/04\/10.-Suspension-programada-del-servicio-electrico-\u2013-03-de-octubre-de-2024.pdf\" target=\"_blank\" rel=\"noopener\">Suspensi\u00f3n Programada de Servicios El\u00e9ctricos &#8211; 03 de Octubre del 2024<\/a><\/li>\n<li><a href=\"https:\/\/www.jasec.go.cr\/wp-content\/uploads\/2021\/04\/Boleta_aviso_web_ParoProgramado_20septiembre_Est2024-0728.pdf\" target=\"_blank\" rel=\"noopener\">Suspensi\u00f3n Programada de Servicios El\u00e9ctricos &#8211; 20 de Setiembre del 2024<\/a><\/li>\n<li><a href=\"https:\/\/www.jasec.go.cr\/wp-content\/uploads\/2021\/04\/09.-Suspension-programada-del-servicio-electrico-\u2013-10-de-setiembre-del-2024.pdf\" target=\"_blank\" rel=\"noopener\">Suspensi\u00f3n Programada de Servicios El\u00e9ctricos &#8211; 10 de Setiembre del 2024<\/a><\/li>\n<li><a href=\"https:\/\/www.jasec.go.cr\/wp-content\/uploads\/2021\/04\/08.-Suspension-programada-del-servicio-electrico-\u2013-29-de-agosto-del-2024.pdf\" target=\"_blank\" rel=\"noopener\">Suspensi\u00f3n Programada de Servicios El\u00e9ctricos &#8211; 29 de Agosto del 2024<\/a><\/li>\n<li><a href=\"https:\/\/www.jasec.go.cr\/wp-content\/uploads\/2021\/04\/08.-Suspension-programada-del-servicio-electrico-\u2013-29-de-agosto-del-2024-2.pdf\" target=\"_blank\" rel=\"noopener\">Suspensi\u00f3n Programada de Servicios El\u00e9ctricos &#8211; 29 de Agosto del 2024<\/a><\/li>\n<li><a href=\"https:\/\/www.jasec.go.cr\/wp-content\/uploads\/2021\/04\/08.-Suspension-programada-del-servicio-electrico-\u2013-29-de-agosto-del-2024.docx.pdf\" target=\"_blank\" rel=\"noopener\">Suspensi\u00f3n Programada de Servicios El\u00e9ctricos &#8211; 29 de Agosto del 2024<\/a><\/li>\n<li><a href=\"https:\/\/www.jasec.go.cr\/wp-content\/uploads\/2021\/04\/08.-Suspension-programada-del-servicio-electrico-\u2013-22-de-agosto-del-2024.pdf\" target=\"_blank\" rel=\"noopener\">Suspensi\u00f3n Programada de Servicios El\u00e9ctricos &#8211; 22 de Agosto del 2024<\/a><\/li>\n<li><a href=\"https:\/\/www.jasec.go.cr\/wp-content\/uploads\/2021\/04\/08.-Suspension-programada-del-servicio-electrico-\u2013-22-agosto-2024.pdf\" target=\"_blank\" rel=\"noopener\">Suspensi\u00f3n Programada de Servicios El\u00e9ctricos &#8211; 22 de Agosto del 2024<\/a><\/li>\n<li><a href=\"https:\/\/www.jasec.go.cr\/wp-content\/uploads\/2021\/04\/Aviso-Web-Paro-Menor-Programado-Chorro-de-Humo.pdf\" target=\"_blank\" rel=\"noopener\">Suspensi\u00f3n Programada de Servicios El\u00e9ctricos &#8211; 08 de Agosto del 2024<\/a><\/li>\n<li><a href=\"https:\/\/www.jasec.go.cr\/wp-content\/uploads\/2021\/04\/Aviso-Web-Paro-Menor-Programado-La-Laguna.pdf\" target=\"_blank\" rel=\"noopener\">Suspensi\u00f3n Programada de Servicios El\u00e9ctricos &#8211; 06 de Agosto del 2024<\/a><\/li>\n<li><a href=\"https:\/\/www.jasec.go.cr\/docs\/PDF\/suspensiones_programadas\/30-de-julio-2024.pdf\" target=\"_blank\" rel=\"noopener\">Suspensi\u00f3n Programada de Servicios El\u00e9ctricos &#8211; 30 de Julio del 2024<\/a><\/li>\n<li><a href=\"https:\/\/www.jasec.go.cr\/docs\/PDF\/suspensiones_programadas\/16-de-julio-2024.pdf\" target=\"_blank\" rel=\"noopener\">Suspensi\u00f3n Programada de Servicios El\u00e9ctricos &#8211; 16 de Julio del 2024<\/a><\/li>\n<li><a href=\"https:\/\/www.jasec.go.cr\/docs\/PDF\/suspensiones_programadas\/12-de-julio-2024.pdf\" target=\"_blank\" rel=\"noopener\">Suspensi\u00f3n Programada de Servicios El\u00e9ctricos &#8211; 12 de Julio del 2024<\/a><\/li>\n<li><a href=\"https:\/\/www.jasec.go.cr\/docs\/PDF\/suspensiones_programadas\/11-de-julio-2024.pdf\" target=\"_blank\" rel=\"noopener\">Suspensi\u00f3n Programada de Servicios El\u00e9ctricos &#8211; 11 de Julio del 2024<\/a><\/li>\n<li><a href=\"https:\/\/www.jasec.go.cr\/docs\/PDF\/suspensiones_programadas\/06-Junio-2024-2.pdf\" target=\"_blank\" rel=\"noopener\">Suspensi\u00f3n Programada de Servicios El\u00e9ctricos &#8211; 06 de Junio del 2024-2.<\/a><\/li>\n<li><a href=\"https:\/\/www.jasec.go.cr\/docs\/PDF\/suspensiones_programadas\/06-Junio-2024.pdf\" target=\"_blank\" rel=\"noopener\">Suspensi\u00f3n Programada de Servicios El\u00e9ctricos &#8211; 06 de Junio del 2024.<\/a><\/li>\n<li><a href=\"https:\/\/www.jasec.go.cr\/docs\/PDF\/suspensiones_programadas\/28-Mayo-2024.pdf\" target=\"_blank\" rel=\"noopener\">Suspensi\u00f3n Programada de Servicios El\u00e9ctricos &#8211; 28 de Mayo del 2024.<\/a><\/li>\n<li><a href=\"https:\/\/www.jasec.go.cr\/docs\/PDF\/suspensiones_programadas\/22-Mayo-2024.pdf\" target=\"_blank\" rel=\"noopener\">Suspensi\u00f3n Programada de Servicios El\u00e9ctricos &#8211; 22 de Mayo del 2024.<\/a><\/li>\n<li><a href=\"https:\/\/www.jasec.go.cr\/docs\/PDF\/suspensiones_programadas\/21-Mayo-2024.pdf\" target=\"_blank\" rel=\"noopener\">Suspensi\u00f3n Programada de Servicios El\u00e9ctricos &#8211; 21 de Mayo del 2024.<\/a><\/li>\n<li><a href=\"https:\/\/www.jasec.go.cr\/docs\/PDF\/suspensiones_programadas\/09-Mayo-2024.pdf\" target=\"_blank\" rel=\"noopener\">Suspensi\u00f3n Programada de Servicios El\u00e9ctricos &#8211; 09 de Mayo del 2024.<\/a><\/li>\n<li><a href=\"https:\/\/www.jasec.go.cr\/docs\/PDF\/suspensiones_programadas\/02-Mayo-2024-02.pdf\" target=\"_blank\" rel=\"noopener\">Suspensi\u00f3n Programada de Servicios El\u00e9ctricos &#8211; 02 de Mayo del 2024-02.<\/a><\/li>\n<li><a href=\"https:\/\/www.jasec.go.cr\/docs\/PDF\/suspensiones_programadas\/02-Mayo-2024.pdf\" target=\"_blank\" rel=\"noopener\">Suspensi\u00f3n Programada de Servicios El\u00e9ctricos &#8211; 02 de Mayo del 2024.<\/a><\/li>\n<li><a href=\"https:\/\/www.jasec.go.cr\/docs\/PDF\/suspensiones_programadas\/30-Abril-2024.pdf\" target=\"_blank\" rel=\"noopener\">Suspensi\u00f3n Programada de Servicios El\u00e9ctricos &#8211; 30 de Abril del 2024.<\/a><\/li>\n<li><a href=\"https:\/\/www.jasec.go.cr\/docs\/PDF\/suspensiones_programadas\/22-Abril-2024.pdf\" target=\"_blank\" rel=\"noopener\">Suspensi\u00f3n Programada de Servicios El\u00e9ctricos &#8211; 22 de Abril del 2024.<\/a><\/li>\n<li><a href=\"https:\/\/www.jasec.go.cr\/docs\/PDF\/suspensiones_programadas\/17-DE-ABRIL-2024.pdf\" target=\"_blank\" rel=\"noopener\">Suspensi\u00f3n Programada de Servicios El\u00e9ctricos &#8211; 17 de Abril del 2024.<\/a><\/li>\n<li><a href=\"https:\/\/www.jasec.go.cr\/docs\/PDF\/suspensiones_programadas\/16-de-Abril-2024.pdf\" target=\"_blank\" rel=\"noopener\">Suspensi\u00f3n Programada de Servicios El\u00e9ctricos &#8211; 16 de Abril del 2024.<\/a><\/li>\n<li><a href=\"https:\/\/www.jasec.go.cr\/docs\/PDF\/suspensiones_programadas\/11-de-Abril-2024.pdf\" target=\"_blank\" rel=\"noopener\">Suspensi\u00f3n Programada de Servicios El\u00e9ctricos &#8211; 11 de Abril del 2024.<\/a><\/li>\n<li><a href=\"https:\/\/www.jasec.go.cr\/docs\/PDF\/suspensiones_programadas\/10-de-Abril-2024.pdf\" target=\"_blank\" rel=\"noopener\">Suspensi\u00f3n Programada de Servicios El\u00e9ctricos &#8211; 10 de Abril del 2024.<\/a><\/li>\n<li><a href=\"https:\/\/www.jasec.go.cr\/docs\/PDF\/suspensiones_programadas\/8-de-Abril-2024.pdf\" target=\"_blank\" rel=\"noopener\">Suspensi\u00f3n Programada de Servicios El\u00e9ctricos &#8211; 08 de Abril del 2024.<\/a><\/li>\n<li><a href=\"https:\/\/www.jasec.go.cr\/docs\/PDF\/suspensiones_programadas\/5-de-Abril-2024.pdf\" target=\"_blank\" rel=\"noopener\">Suspensi\u00f3n Programada de Servicios El\u00e9ctricos &#8211; 05 de Abril del 2024.<\/a><\/li>\n<li><a href=\"https:\/\/www.jasec.go.cr\/docs\/PDF\/suspensiones_programadas\/14-DE-MARZO-2024.pdf\" target=\"_blank\" rel=\"noopener\">Suspensi\u00f3n Programada de Servicios El\u00e9ctricos &#8211; 14 de Marzo del 2024.<\/a><\/li>\n<li><a href=\"https:\/\/www.jasec.go.cr\/docs\/PDF\/suspensiones_programadas\/29-DE-FEBRERO-2024.pdf\" target=\"_blank\" rel=\"noopener\">Suspensi\u00f3n Programada de Servicios El\u00e9ctricos &#8211; 29 de Febrero del 2024.<\/a><\/li>\n<li><a href=\"https:\/\/www.jasec.go.cr\/docs\/PDF\/suspensiones_programadas\/15-DE-FEBRERO-2024.pdf\" target=\"_blank\" rel=\"noopener\">Suspensi\u00f3n Programada de Servicios El\u00e9ctricos &#8211; 15 de Febrero del 2024.<\/a><\/li>\n<li><a href=\"https:\/\/www.jasec.go.cr\/docs\/PDF\/suspensiones_programadas\/8-DE-FEBRERO-2024.pdf\" target=\"_blank\" rel=\"noopener\">Suspensi\u00f3n Programada de Servicios El\u00e9ctricos &#8211; 8 de Febrero del 2024.<\/a><\/li>\n<\/ul>\n<\/div><div class=\"fusion-clearfix\"><\/div><\/div><\/div><\/div><\/div>\n","protected":false},"excerpt":{"rendered":"","protected":false},"author":1,"featured_media":0,"parent":0,"menu_order":0,"comment_status":"closed","ping_status":"closed","template":"","meta":{"footnotes":""},"class_list":["post-1435","page","type-page","status-publish","hentry"],"yoast_head":"<!-- This site is optimized with the Yoast SEO plugin v27.5 - https:\/\/yoast.com\/product\/yoast-seo-wordpress\/ -->\n<title>Suspensiones programadas - Jasec<\/title>\n<meta name=\"description\" content=\"Una empresa corporativa de servicios de inter\u00e9s p\u00fablico, l\u00edder, visionaria, con calidad internacional, que supera las expectativas de los clientes.\" \/>\n<meta name=\"robots\" content=\"index, follow, max-snippet:-1, max-image-preview:large, max-video-preview:-1\" \/>\n<link rel=\"canonical\" href=\"https:\/\/www.jasec.go.cr\/index.php\/suspensiones-programadas\/\" \/>\n<meta property=\"og:locale\" content=\"es_ES\" \/>\n<meta property=\"og:type\" content=\"article\" \/>\n<meta property=\"og:title\" content=\"Suspensiones programadas - Jasec\" \/>\n<meta property=\"og:description\" content=\"Una empresa corporativa de servicios de inter\u00e9s p\u00fablico, l\u00edder, visionaria, con calidad internacional, que supera las expectativas de los clientes.\" \/>\n<meta property=\"og:url\" content=\"https:\/\/www.jasec.go.cr\/index.php\/suspensiones-programadas\/\" \/>\n<meta property=\"og:site_name\" content=\"Jasec\" \/>\n<meta property=\"article:modified_time\" content=\"2026-02-19T15:26:51+00:00\" \/>\n<meta name=\"twitter:card\" content=\"summary_large_image\" \/>\n<meta name=\"twitter:label1\" content=\"Tiempo de lectura\" \/>\n\t<meta name=\"twitter:data1\" content=\"10 minutos\" \/>\n<script type=\"application\/ld+json\" class=\"yoast-schema-graph\">{\"@context\":\"https:\\\/\\\/schema.org\",\"@graph\":[{\"@type\":\"WebPage\",\"@id\":\"https:\\\/\\\/www.jasec.go.cr\\\/index.php\\\/suspensiones-programadas\\\/\",\"url\":\"https:\\\/\\\/www.jasec.go.cr\\\/index.php\\\/suspensiones-programadas\\\/\",\"name\":\"Suspensiones programadas - Jasec\",\"isPartOf\":{\"@id\":\"https:\\\/\\\/www.jasec.go.cr\\\/#website\"},\"datePublished\":\"2018-10-08T17:22:34+00:00\",\"dateModified\":\"2026-02-19T15:26:51+00:00\",\"description\":\"Una empresa corporativa de servicios de inter\u00e9s p\u00fablico, l\u00edder, visionaria, con calidad internacional, que supera las expectativas de los clientes.\",\"breadcrumb\":{\"@id\":\"https:\\\/\\\/www.jasec.go.cr\\\/index.php\\\/suspensiones-programadas\\\/#breadcrumb\"},\"inLanguage\":\"es\",\"potentialAction\":[{\"@type\":\"ReadAction\",\"target\":[\"https:\\\/\\\/www.jasec.go.cr\\\/index.php\\\/suspensiones-programadas\\\/\"]}]},{\"@type\":\"BreadcrumbList\",\"@id\":\"https:\\\/\\\/www.jasec.go.cr\\\/index.php\\\/suspensiones-programadas\\\/#breadcrumb\",\"itemListElement\":[{\"@type\":\"ListItem\",\"position\":1,\"name\":\"Portada\",\"item\":\"https:\\\/\\\/www.jasec.go.cr\\\/\"},{\"@type\":\"ListItem\",\"position\":2,\"name\":\"Suspensiones programadas\"}]},{\"@type\":\"WebSite\",\"@id\":\"https:\\\/\\\/www.jasec.go.cr\\\/#website\",\"url\":\"https:\\\/\\\/www.jasec.go.cr\\\/\",\"name\":\"Jasec\",\"description\":\"Junta Administrativa del Servicio El\u00e9ctrico Municipal de Cartago\",\"publisher\":{\"@id\":\"https:\\\/\\\/www.jasec.go.cr\\\/#organization\"},\"potentialAction\":[{\"@type\":\"SearchAction\",\"target\":{\"@type\":\"EntryPoint\",\"urlTemplate\":\"https:\\\/\\\/www.jasec.go.cr\\\/?s={search_term_string}\"},\"query-input\":{\"@type\":\"PropertyValueSpecification\",\"valueRequired\":true,\"valueName\":\"search_term_string\"}}],\"inLanguage\":\"es\"},{\"@type\":\"Organization\",\"@id\":\"https:\\\/\\\/www.jasec.go.cr\\\/#organization\",\"name\":\"Jasec\",\"url\":\"https:\\\/\\\/www.jasec.go.cr\\\/\",\"logo\":{\"@type\":\"ImageObject\",\"inLanguage\":\"es\",\"@id\":\"https:\\\/\\\/www.jasec.go.cr\\\/#\\\/schema\\\/logo\\\/image\\\/\",\"url\":\"https:\\\/\\\/www.jasec.go.cr\\\/wp-content\\\/uploads\\\/2018\\\/07\\\/logo.png\",\"contentUrl\":\"https:\\\/\\\/www.jasec.go.cr\\\/wp-content\\\/uploads\\\/2018\\\/07\\\/logo.png\",\"width\":185,\"height\":67,\"caption\":\"Jasec\"},\"image\":{\"@id\":\"https:\\\/\\\/www.jasec.go.cr\\\/#\\\/schema\\\/logo\\\/image\\\/\"}}]}<\/script>\n<!-- \/ Yoast SEO plugin. -->","yoast_head_json":{"title":"Suspensiones programadas - Jasec","description":"Una empresa corporativa de servicios de inter\u00e9s p\u00fablico, l\u00edder, visionaria, con calidad internacional, que supera las expectativas de los clientes.","robots":{"index":"index","follow":"follow","max-snippet":"max-snippet:-1","max-image-preview":"max-image-preview:large","max-video-preview":"max-video-preview:-1"},"canonical":"https:\/\/www.jasec.go.cr\/index.php\/suspensiones-programadas\/","og_locale":"es_ES","og_type":"article","og_title":"Suspensiones programadas - Jasec","og_description":"Una empresa corporativa de servicios de inter\u00e9s p\u00fablico, l\u00edder, visionaria, con calidad internacional, que supera las expectativas de los clientes.","og_url":"https:\/\/www.jasec.go.cr\/index.php\/suspensiones-programadas\/","og_site_name":"Jasec","article_modified_time":"2026-02-19T15:26:51+00:00","twitter_card":"summary_large_image","twitter_misc":{"Tiempo de lectura":"10 minutos"},"schema":{"@context":"https:\/\/schema.org","@graph":[{"@type":"WebPage","@id":"https:\/\/www.jasec.go.cr\/index.php\/suspensiones-programadas\/","url":"https:\/\/www.jasec.go.cr\/index.php\/suspensiones-programadas\/","name":"Suspensiones programadas - Jasec","isPartOf":{"@id":"https:\/\/www.jasec.go.cr\/#website"},"datePublished":"2018-10-08T17:22:34+00:00","dateModified":"2026-02-19T15:26:51+00:00","description":"Una empresa corporativa de servicios de inter\u00e9s p\u00fablico, l\u00edder, visionaria, con calidad internacional, que supera las expectativas de los clientes.","breadcrumb":{"@id":"https:\/\/www.jasec.go.cr\/index.php\/suspensiones-programadas\/#breadcrumb"},"inLanguage":"es","potentialAction":[{"@type":"ReadAction","target":["https:\/\/www.jasec.go.cr\/index.php\/suspensiones-programadas\/"]}]},{"@type":"BreadcrumbList","@id":"https:\/\/www.jasec.go.cr\/index.php\/suspensiones-programadas\/#breadcrumb","itemListElement":[{"@type":"ListItem","position":1,"name":"Portada","item":"https:\/\/www.jasec.go.cr\/"},{"@type":"ListItem","position":2,"name":"Suspensiones programadas"}]},{"@type":"WebSite","@id":"https:\/\/www.jasec.go.cr\/#website","url":"https:\/\/www.jasec.go.cr\/","name":"Jasec","description":"Junta Administrativa del Servicio El\u00e9ctrico Municipal de Cartago","publisher":{"@id":"https:\/\/www.jasec.go.cr\/#organization"},"potentialAction":[{"@type":"SearchAction","target":{"@type":"EntryPoint","urlTemplate":"https:\/\/www.jasec.go.cr\/?s={search_term_string}"},"query-input":{"@type":"PropertyValueSpecification","valueRequired":true,"valueName":"search_term_string"}}],"inLanguage":"es"},{"@type":"Organization","@id":"https:\/\/www.jasec.go.cr\/#organization","name":"Jasec","url":"https:\/\/www.jasec.go.cr\/","logo":{"@type":"ImageObject","inLanguage":"es","@id":"https:\/\/www.jasec.go.cr\/#\/schema\/logo\/image\/","url":"https:\/\/www.jasec.go.cr\/wp-content\/uploads\/2018\/07\/logo.png","contentUrl":"https:\/\/www.jasec.go.cr\/wp-content\/uploads\/2018\/07\/logo.png","width":185,"height":67,"caption":"Jasec"},"image":{"@id":"https:\/\/www.jasec.go.cr\/#\/schema\/logo\/image\/"}}]}},"_links":{"self":[{"href":"https:\/\/www.jasec.go.cr\/index.php\/wp-json\/wp\/v2\/pages\/1435","targetHints":{"allow":["GET"]}}],"collection":[{"href":"https:\/\/www.jasec.go.cr\/index.php\/wp-json\/wp\/v2\/pages"}],"about":[{"href":"https:\/\/www.jasec.go.cr\/index.php\/wp-json\/wp\/v2\/types\/page"}],"author":[{"embeddable":true,"href":"https:\/\/www.jasec.go.cr\/index.php\/wp-json\/wp\/v2\/users\/1"}],"replies":[{"embeddable":true,"href":"https:\/\/www.jasec.go.cr\/index.php\/wp-json\/wp\/v2\/comments?post=1435"}],"version-history":[{"count":377,"href":"https:\/\/www.jasec.go.cr\/index.php\/wp-json\/wp\/v2\/pages\/1435\/revisions"}],"predecessor-version":[{"id":6970,"href":"https:\/\/www.jasec.go.cr\/index.php\/wp-json\/wp\/v2\/pages\/1435\/revisions\/6970"}],"wp:attachment":[{"href":"https:\/\/www.jasec.go.cr\/index.php\/wp-json\/wp\/v2\/media?parent=1435"}],"curies":[{"name":"wp","href":"https:\/\/api.w.org\/{rel}","templated":true}]}}